{"id":1283,"date":"2019-01-22T21:30:25","date_gmt":"2019-01-22T20:30:25","guid":{"rendered":"http:\/\/castelldeconcabella.cat\/el-castillo\/el-entorno\/"},"modified":"2023-05-04T11:39:02","modified_gmt":"2023-05-04T10:39:02","slug":"el-entorno","status":"publish","type":"page","link":"https:\/\/castelldeconcabella.cat\/es\/el-castillo\/el-entorno\/","title":{"rendered":"El entorno"},"content":{"rendered":"<p>[et_pb_section fb_built=&#8221;1&#8243; fullwidth=&#8221;on&#8221; _builder_version=&#8221;4.16&#8243; global_colors_info=&#8221;{}&#8221;][et_pb_fullwidth_header title=&#8221;El Castillo \/ El entorno&#8221; _builder_version=&#8221;4.16&#8243; title_font=&#8221;||||||||&#8221; title_text_color=&#8221;#e86434&#8243; background_color=&#8221;#ede9db&#8221; custom_margin_tablet=&#8221;||&#8221; custom_margin_phone=&#8221;&#8221; custom_margin_last_edited=&#8221;on|desktop&#8221; custom_padding=&#8221;20px||20px&#8221; custom_padding_tablet=&#8221;0px||0px&#8221; custom_padding_phone=&#8221;0px||0px&#8221; custom_padding_last_edited=&#8221;on|phone&#8221; title_font_size_tablet=&#8221;24px&#8221; title_font_size_phone=&#8221;&#8221; title_font_size_last_edited=&#8221;on|tablet&#8221; global_colors_info=&#8221;{}&#8221;]<br \/>\n[\/et_pb_fullwidth_header][\/et_pb_section][et_pb_section fb_built=&#8221;1&#8243; _builder_version=&#8221;4.16&#8243; global_colors_info=&#8221;{}&#8221;][et_pb_row _builder_version=&#8221;4.16&#8243; global_colors_info=&#8221;{}&#8221; column_structure=&#8221;3_5,2_5&#8243;][et_pb_column type=&#8221;3_5&#8243; _builder_version=&#8221;4.16&#8243; custom_padding=&#8221;|||&#8221; global_colors_info=&#8221;{}&#8221; custom_padding__hover=&#8221;|||&#8221;][et_pb_text _builder_version=&#8221;4.21.0&#8243; hover_enabled=&#8221;0&#8243; global_colors_info=&#8221;{}&#8221; sticky_enabled=&#8221;0&#8243;]<\/p>\n<p>El Castell de Concabella se encuentra en la comarca de la Segarra, dentro del municipio de Els Plans de Si\u00f3. El castillo es el centro de la historia y de la vida cultural y social del pueblo de Concabella, on hoy en d\u00eda viven unas ochenta personas.<\/p>\n<p><strong>\u00bb\u00a0<a href=\"http:\/\/concabella.cat\/?cat=7\" target=\"_blank\" rel=\"noopener\">Lugares para visitar de Concabella<\/a><\/strong><\/p>\n<p><strong>\u00bb\u00a0<a href=\"https:\/\/ca.wikipedia.org\/wiki\/Llista_de_monuments_dels_Plans_de_Si%C3%B3\" target=\"_blank\" rel=\"noopener\">Monumentos en Els Plans de Si\u00f3<\/a><\/strong><\/p>\n<p><strong>\u00bb\u00a0<\/strong><a href=\"https:\/\/ca.wikipedia.org\/wiki\/Llista_de_monuments_de_la_Segarra\" target=\"_blank\" rel=\"noopener noreferrer\"><strong>Monumentos de toda la comarca<\/strong><\/a><\/p>\n<p><strong>\u00bb\u00a0<a href=\"https:\/\/www.google.com\/maps\/place\/41%C2%B045'05.8%22N+1%C2%B014'05.4%22E\/@41.7413539,1.1496976,11z\/data=!4m5!3m4!1s0x0:0x0!8m2!3d41.7516!4d1.2348417?hl=ca\" target=\"_blank\" rel=\"noopener noreferrer\">Mapa de La Segarra<\/a><\/strong><\/p>\n<p><strong>\u00bb\u00a0<a href=\"https:\/\/www.espaisnaturalsdeponent.cat\/ca\/ruta-orientacio-permanent\/\" target=\"_blank\" rel=\"noopener noreferrer\">&#8220;La Ruta d&#8217;en Pius&#8221;<\/a><\/strong> \u00a0<\/p>\n<h1>La Segarra<\/h1>\n<p>Situada en el interior de Catalunya, la Segarra es una comarca rica culturalmente. 21 municipios agrupan restos arqueol\u00f3gicos o monumentales de diferentes \u00e9pocas: prehist\u00f3ricas (Sant Guim de Freixenet), romanas (Guissona), rom\u00e1nicas (Cervera), g\u00f3ticas (les Pallargues), barrocas (Sant Ramon) y modernistas (el Sindicato de Cervera). En cuanto a cultivos, encontramos las planas cerealistas, el olivo y el almendro en la monta\u00f1a media y la ganader\u00eda constituye un importante complemento de la agricultura. En las poblaciones m\u00e1s importantes, la industria proporciona numerosos lugares de trabajo.<\/p>\n<p><strong>Visita la Segarra:<\/strong> \u00a0<\/p>\n<ul>\n<li>Castell de Concabella<\/li>\n<li>Castell de Florejacs<\/li>\n<li>Montfalc\u00f3 Murallat<\/li>\n<li>Castell de les Pallargues<\/li>\n<li>Castell de Vicfred<\/li>\n<li>Torre de Vallferosa<\/li>\n<li>Iesso, ciudad romana<\/li>\n<li>Sikarra Nostra<\/li>\n<li>Visitas teatralizadas a la Universidad de Cervera<\/li>\n<li>Visitas nocturnas a Cervera<\/li>\n<li>Visitas nocturnas a Guissona<\/li>\n<li>Visitas guiadas a Cervera<\/li>\n<li>Mercado de antig\u00fcedades en Cervera<\/li>\n<\/ul>\n<p>[\/et_pb_text][\/et_pb_column][et_pb_column type=&#8221;2_5&#8243; _builder_version=&#8221;4.16&#8243; background_color=&#8221;rgba(237,233,219,0.5)&#8221; custom_padding=&#8221;20px|20px|20px|20px&#8221; global_colors_info=&#8221;{}&#8221; custom_padding__hover=&#8221;|||&#8221;]<\/p>\n<p>[et_pb_gallery gallery_ids=&#8221;774,776,778&#8243; show_title_and_caption=&#8221;off&#8221; hover_overlay_color=&#8221;rgba(237,233,219,0.7)&#8221; _builder_version=&#8221;4.16&#8243; global_colors_info=&#8221;{}&#8221;] [\/et_pb_gallery]<\/p>\n<p>[\/et_pb_column][\/et_pb_row][et_pb_row _builder_version=&#8221;4.16&#8243; background_color=&#8221;rgba(237,233,219,0.5)&#8221; custom_margin=&#8221;10px|||&#8221; custom_padding=&#8221;5px|5px|5px|5px&#8221; global_colors_info=&#8221;{}&#8221;][et_pb_column type=&#8221;4_4&#8243; _builder_version=&#8221;4.16&#8243; custom_padding=&#8221;|||&#8221; global_colors_info=&#8221;{}&#8221; custom_padding__hover=&#8221;|||&#8221;][et_pb_text _builder_version=&#8221;4.16&#8243; text_orientation=&#8221;center&#8221; global_colors_info=&#8221;{}&#8221;]<\/p>\n<h1>Fiestas de la Segarra:<\/h1>\n<p>[\/et_pb_text][\/et_pb_column][\/et_pb_row][et_pb_row _builder_version=&#8221;4.16&#8243; custom_margin=&#8221;10px|||&#8221; global_colors_info=&#8221;{}&#8221; column_structure=&#8221;1_5,1_5,1_5,1_5,1_5&#8243;][et_pb_column type=&#8221;1_5&#8243; _builder_version=&#8221;4.16&#8243; custom_padding=&#8221;|||&#8221; global_colors_info=&#8221;{}&#8221; custom_padding__hover=&#8221;|||&#8221;][et_pb_text _builder_version=&#8221;4.16&#8243; background_color=&#8221;rgba(237,233,219,0.5)&#8221; text_orientation=&#8221;center&#8221; custom_padding=&#8221;5px|5px|5px|5px&#8221; global_colors_info=&#8221;{}&#8221;]<\/p>\n<h1>MAYO<\/h1>\n<p>[\/et_pb_text][et_pb_text _builder_version=&#8221;4.16&#8243; global_colors_info=&#8221;{}&#8221;]<\/p>\n<p>Fira de Sant Isidre<\/p>\n<hr \/>\n<p>Maria Canals porta cua<\/p>\n<hr \/>\n<p>L\u2019enramada de Guissona<\/p>\n<p>[\/et_pb_text][\/et_pb_column][et_pb_column type=&#8221;1_5&#8243; _builder_version=&#8221;4.16&#8243; custom_padding=&#8221;|||&#8221; global_colors_info=&#8221;{}&#8221; custom_padding__hover=&#8221;|||&#8221;][et_pb_text _builder_version=&#8221;4.16&#8243; header_text_align=&#8221;center&#8221; background_color=&#8221;rgba(237,233,219,0.5)&#8221; custom_padding=&#8221;5px|5px|5px|5px&#8221; global_colors_info=&#8221;{}&#8221;]<\/p>\n<h1>JUNIO<\/h1>\n<p>[\/et_pb_text][et_pb_text _builder_version=&#8221;4.16&#8243; global_colors_info=&#8221;{}&#8221;]<\/p>\n<p>Sant Ramon Rock<\/p>\n<hr \/>\n<p>Concert Sota el T\u00fanel de l\u2019Autovia<\/p>\n<p>[\/et_pb_text][\/et_pb_column][et_pb_column type=&#8221;1_5&#8243; _builder_version=&#8221;4.16&#8243; custom_padding=&#8221;|||&#8221; global_colors_info=&#8221;{}&#8221; custom_padding__hover=&#8221;|||&#8221;][et_pb_text _builder_version=&#8221;4.16&#8243; background_color=&#8221;rgba(237,233,219,0.5)&#8221; text_orientation=&#8221;center&#8221; custom_padding=&#8221;5px|5px|5px|5px&#8221; global_colors_info=&#8221;{}&#8221;]<\/p>\n<h1>JULIO<\/h1>\n<p>[\/et_pb_text][et_pb_text _builder_version=&#8221;4.16&#8243; global_colors_info=&#8221;{}&#8221;]<\/p>\n<p>Carnaval de Sec\u00e0<\/p>\n<hr \/>\n<p>Mercat Rom\u00e0 de Iesso<\/p>\n<hr \/>\n<p>Concabella Rock<\/p>\n<hr \/>\n<p>Festival Internacional de M\u00fasica d\u2019estiu Emili Pujol<\/p>\n<p>[\/et_pb_text][\/et_pb_column][et_pb_column type=&#8221;1_5&#8243; _builder_version=&#8221;4.16&#8243; custom_padding=&#8221;|||&#8221; global_colors_info=&#8221;{}&#8221; custom_padding__hover=&#8221;|||&#8221;][et_pb_text _builder_version=&#8221;4.16&#8243; header_text_align=&#8221;center&#8221; background_color=&#8221;rgba(237,233,219,0.5)&#8221; custom_padding=&#8221;5px|5px|5px|5px&#8221; global_colors_info=&#8221;{}&#8221;]<\/p>\n<h1>AGOSTO<\/h1>\n<p>[\/et_pb_text][et_pb_text _builder_version=&#8221;4.16&#8243; global_colors_info=&#8221;{}&#8221;]<\/p>\n<p>Festa Major de Sed\u00f3<\/p>\n<hr \/>\n<p>Aquelarre<\/p>\n<hr \/>\n<p>Tres Tombs de Sant Ramon<\/p>\n<hr \/>\n<p>Festa Major de Tor\u00e0<\/p>\n<p>[\/et_pb_text][\/et_pb_column][et_pb_column type=&#8221;1_5&#8243; _builder_version=&#8221;4.16&#8243; custom_padding=&#8221;|||&#8221; global_colors_info=&#8221;{}&#8221; custom_padding__hover=&#8221;|||&#8221;][et_pb_text _builder_version=&#8221;4.16&#8243; header_text_align=&#8221;center&#8221; background_color=&#8221;rgba(237,233,219,0.5)&#8221; custom_padding=&#8221;5px|5px|5px|5px&#8221; global_colors_info=&#8221;{}&#8221;]<\/p>\n<h1>SETIEMBRE<\/h1>\n<p>[\/et_pb_text][et_pb_text _builder_version=&#8221;4.16&#8243; global_colors_info=&#8221;{}&#8221;]<\/p>\n<p>Festa Major de Guissona<\/p>\n<hr \/>\n<p>Festa Major de Sana\u00fcja (castell de focs)<\/p>\n<hr \/>\n<p>Isagoge: Setmana Cultural de Cervera<\/p>\n<hr \/>\n<p>Festa Major de Cervera<\/p>\n<p>[\/et_pb_text][\/et_pb_column][\/et_pb_row][\/et_pb_section][et_pb_section fb_built=&#8221;1&#8243; admin_label=&#8221;CAT-Actividades-secci\u00f3n&#8221; _builder_version=&#8221;4.16&#8243; custom_margin=&#8221;0px||&#8221; custom_padding=&#8221;0px||&#8221; saved_tabs=&#8221;all&#8221; global_colors_info=&#8221;{}&#8221;][et_pb_row _builder_version=&#8221;4.16&#8243; global_colors_info=&#8221;{}&#8221;][et_pb_column type=&#8221;4_4&#8243; _builder_version=&#8221;4.16&#8243; custom_padding=&#8221;|||&#8221; global_colors_info=&#8221;{}&#8221; custom_padding__hover=&#8221;|||&#8221;][et_pb_text _builder_version=&#8221;4.16&#8243; text_font=&#8221;Montserrat|700|||||||&#8221; text_text_color=&#8221;#62938f&#8221; text_font_size=&#8221;24px&#8221; global_colors_info=&#8221;{}&#8221;]<\/p>\n<p>Actividades<\/p>\n<p>[\/et_pb_text][et_pb_divider _builder_version=&#8221;4.16&#8243; global_colors_info=&#8221;{}&#8221;][\/et_pb_divider][\/et_pb_column][\/et_pb_row][et_pb_row _builder_version=&#8221;4.16&#8243; global_colors_info=&#8221;{}&#8221;][et_pb_column type=&#8221;4_4&#8243; _builder_version=&#8221;4.16&#8243; custom_padding=&#8221;|||&#8221; global_colors_info=&#8221;{}&#8221; custom_padding__hover=&#8221;|||&#8221;]<\/p>\n<p>[et_pb_portfolio fullwidth=&#8221;off&#8221; posts_number=&#8221;4&#8243; include_categories=&#8221;17&#8243; show_categories=&#8221;off&#8221; show_pagination=&#8221;off&#8221; hover_overlay_color=&#8221;rgba(237,233,219,0.7)&#8221; _builder_version=&#8221;4.16&#8243; locked=&#8221;off&#8221; global_colors_info=&#8221;{}&#8221;][\/et_pb_portfolio]<\/p>\n<p>[\/et_pb_column][\/et_pb_row][\/et_pb_section][et_pb_section fb_built=&#8221;1&#8243; prev_background_color=&#8221;#ffffff&#8221; admin_label=&#8221;CAT-CTA-secci\u00f3n&#8221; _builder_version=&#8221;4.16&#8243; background_color=&#8221;#e86434&#8243; top_divider_style=&#8221;wave2&#8243; saved_tabs=&#8221;all&#8221; global_colors_info=&#8221;{}&#8221;][et_pb_row _builder_version=&#8221;4.16&#8243; custom_padding=&#8221;20px|||&#8221; global_colors_info=&#8221;{}&#8221;][et_pb_column type=&#8221;4_4&#8243; _builder_version=&#8221;4.16&#8243; custom_padding=&#8221;20px|||&#8221; global_colors_info=&#8221;{}&#8221; custom_padding__hover=&#8221;|||&#8221;][et_pb_cta title=&#8221;Castell de Concabella&#8221; button_url=&#8221;https:\/\/castelldeconcabella.cat\/es\/contacto\/&#8221; button_text=&#8221;\u00a1Reserva una visita!&#8221; _builder_version=&#8221;4.16&#8243; header_font_size=&#8221;32&#8243; body_font_size=&#8221;16&#8243; use_background_color=&#8221;off&#8221; custom_button=&#8221;on&#8221; button_icon=&#8221;&#xe052;||divi||400&#8243; button_on_hover=&#8221;off&#8221; link_option_url=&#8221;https:\/\/castelldeconcabella.cat\/es\/contacto\/&#8221; global_colors_info=&#8221;{}&#8221;]<\/p>\n<p>una puerta para descubrir la Segarra<\/p>\n<p>[\/et_pb_cta][\/et_pb_column][\/et_pb_row][\/et_pb_section]<\/p>\n","protected":false},"excerpt":{"rendered":"<p>El Castell de Concabella se encuentra en la comarca de la Segarra, dentro del municipio de Els Plans de Si\u00f3. El castillo es el centro de la historia y de la vida cultural y social del pueblo de Concabella, on hoy en d\u00eda viven unas ochenta personas. \u00bb\u00a0Lugares para visitar de Concabella \u00bb\u00a0Monumentos en Els [&hellip;]<\/p>\n","protected":false},"author":1,"featured_media":0,"parent":1277,"menu_order":3,"comment_status":"closed","ping_status":"closed","template":"","meta":{"_et_pb_use_builder":"on","_et_pb_old_content":"","_et_gb_content_width":"","footnotes":""},"_links":{"self":[{"href":"https:\/\/castelldeconcabella.cat\/es\/wp-json\/wp\/v2\/pages\/1283"}],"collection":[{"href":"https:\/\/castelldeconcabella.cat\/es\/wp-json\/wp\/v2\/pages"}],"about":[{"href":"https:\/\/castelldeconcabella.cat\/es\/wp-json\/wp\/v2\/types\/page"}],"author":[{"embeddable":true,"href":"https:\/\/castelldeconcabella.cat\/es\/wp-json\/wp\/v2\/users\/1"}],"replies":[{"embeddable":true,"href":"https:\/\/castelldeconcabella.cat\/es\/wp-json\/wp\/v2\/comments?post=1283"}],"version-history":[{"count":29,"href":"https:\/\/castelldeconcabella.cat\/es\/wp-json\/wp\/v2\/pages\/1283\/revisions"}],"predecessor-version":[{"id":3868,"href":"https:\/\/castelldeconcabella.cat\/es\/wp-json\/wp\/v2\/pages\/1283\/revisions\/3868"}],"up":[{"embeddable":true,"href":"https:\/\/castelldeconcabella.cat\/es\/wp-json\/wp\/v2\/pages\/1277"}],"wp:attachment":[{"href":"https:\/\/castelldeconcabella.cat\/es\/wp-json\/wp\/v2\/media?parent=1283"}],"curies":[{"name":"wp","href":"https:\/\/api.w.org\/{rel}","templated":true}]}}