{"id":1354,"date":"2019-01-22T23:07:19","date_gmt":"2019-01-22T22:07:19","guid":{"rendered":"http:\/\/castelldeconcabella.cat\/servicios\/otros-servicios\/"},"modified":"2023-05-03T09:03:49","modified_gmt":"2023-05-03T08:03:49","slug":"otros-servicios","status":"publish","type":"page","link":"https:\/\/castelldeconcabella.cat\/es\/servicios\/otros-servicios\/","title":{"rendered":"Otros servicios"},"content":{"rendered":"<p>[et_pb_section bb_built=&#8221;1&#8243; fullwidth=&#8221;on&#8221; _builder_version=&#8221;3.18.2&#8243; next_background_color=&#8221;#000000&#8243; inner_width=&#8221;auto&#8221; inner_max_width=&#8221;1080px&#8221;][et_pb_fullwidth_header title=&#8221;Servicios \/ Otros servicios&#8221; _builder_version=&#8221;3.18.2&#8243; title_font=&#8221;||||||||&#8221; title_text_color=&#8221;#e86434&#8243; title_font_size_tablet=&#8221;24px&#8221; title_font_size_last_edited=&#8221;on|phone&#8221; background_color=&#8221;#ede9db&#8221; custom_margin_tablet=&#8221;||&#8221; custom_margin_last_edited=&#8221;on|desktop&#8221; custom_padding=&#8221;20px||20px&#8221; custom_padding_tablet=&#8221;0px||0px&#8221; custom_padding_phone=&#8221;0px||0px&#8221; custom_padding_last_edited=&#8221;on|phone&#8221;]<\/p>\n<p>[\/et_pb_fullwidth_header][\/et_pb_section][et_pb_section bb_built=&#8221;1&#8243; _builder_version=&#8221;3.18.2&#8243; prev_background_color=&#8221;#000000&#8243; next_background_color=&#8221;#000000&#8243; inner_width=&#8221;auto&#8221; inner_max_width=&#8221;1080px&#8221;][et_pb_row _builder_version=&#8221;3.18.2&#8243; width=&#8221;80%&#8221; max_width=&#8221;1080px&#8221;][et_pb_column type=&#8221;3_4&#8243; custom_padding__hover=&#8221;|||&#8221; custom_padding=&#8221;|||&#8221;][et_pb_text _builder_version=&#8221;3.19.14&#8243;]<\/p>\n<h1>Festival de M\u00fasica del Castell de Concabella<\/h1>\n<p>M\u00fasicos de renombre internacional se dan cita cada a\u00f1o en el escenario del Castell de Concabella, un evento musical organizado por el Ayuntamiento de Els Plans de Si\u00f3 y la asociaci\u00f3n cultural Amics del Castell de Concabella.<\/p>\n<p>[\/et_pb_text][\/et_pb_column][et_pb_column type=&#8221;1_4&#8243; background_color=&#8221;rgba(237,233,219,0.5)&#8221; custom_padding__hover=&#8221;|||&#8221; custom_padding=&#8221;20px|20px|20px|20px&#8221;][et_pb_gallery gallery_ids=&#8221;1839&#8243; hover_overlay_color=&#8221;rgba(237,233,219,0.7)&#8221; _builder_version=&#8221;3.19.14&#8243; posts_number=&#8221;1&#8243; show_title_and_caption=&#8221;off&#8221; show_pagination=&#8221;off&#8221;]<\/p>\n<p>[\/et_pb_gallery][\/et_pb_column][\/et_pb_row][et_pb_row _builder_version=&#8221;3.19.14&#8243; custom_margin=&#8221;10px|||&#8221; custom_padding=&#8221;10px|||&#8221; width=&#8221;80%&#8221; max_width=&#8221;1080px&#8221;][et_pb_column type=&#8221;3_4&#8243; custom_padding__hover=&#8221;|||&#8221; custom_padding=&#8221;|||&#8221;][et_pb_text _builder_version=&#8221;3.19.14&#8243;]<\/p>\n<h1>Associaci\u00f3 cultural Amics del Castell de Concabella<\/h1>\n<p>Entidad sin \u00e1nimo de lucro que tiene como objetivo dinamizar la vida social y cultural del territorio mediante la organizaci\u00f3n de todo tipo de actividades l\u00fadico-culturales, como conciertos, espect\u00e1culos teatrales, charlas y excursiones, entre otros, con una programaci\u00f3n anual estable. El emblema de la asociaci\u00f3n es el Festival de M\u00fasica, que se celebra desde el a\u00f1o 2005 cada mes de octubre.<\/p>\n<p>[\/et_pb_text][\/et_pb_column][et_pb_column type=&#8221;1_4&#8243; background_color=&#8221;rgba(237,233,219,0.5)&#8221; custom_padding__hover=&#8221;|||&#8221; custom_padding=&#8221;20px|20px|20px|20px&#8221;][et_pb_gallery gallery_ids=&#8221;1841&#8243; hover_overlay_color=&#8221;rgba(237,233,219,0.7)&#8221; _builder_version=&#8221;3.19.14&#8243; posts_number=&#8221;1&#8243; show_title_and_caption=&#8221;off&#8221; show_pagination=&#8221;off&#8221;]<\/p>\n<p>[\/et_pb_gallery][\/et_pb_column][\/et_pb_row][et_pb_row _builder_version=&#8221;3.19.14&#8243; custom_margin=&#8221;10px|||&#8221; custom_padding=&#8221;10px|||&#8221; width=&#8221;80%&#8221; max_width=&#8221;1080px&#8221;][et_pb_column type=&#8221;3_4&#8243; custom_padding__hover=&#8221;|||&#8221; custom_padding=&#8221;|||&#8221;][et_pb_text _builder_version=&#8221;3.18.2&#8243; text_font=&#8221;||||||||&#8221;]<\/p>\n<h1>Ayuntamiento de Els Plans de Si\u00f3<\/h1>\n<p>Con 55,98 km\u00b2, el t\u00e9rmino municipal de Els Plans de Si\u00f3 cuenta con once n\u00facleos de poblaci\u00f3n: Les Pallargues, Sister\u00f3, Mont-roig de Segarra, L\u2019Arany\u00f3, El Can\u00f3s, Concabella, Hostafrancs, Ratera, Muller i Montcort\u00e8s de Segarra. Tambi\u00e9n pertenecen a Els Plans de Si\u00f3 algunas antiguas mas\u00edas como Queralt de Meca o Golonor y la antigua cuadra de Talarn.<\/p>\n<p>[\/et_pb_text][et_pb_button button_url=&#8221;http:\/\/planssio.ddl.net&#8221; url_new_window=&#8221;on&#8221; button_text=&#8221;M\u00e1s informaci\u00f3n&#8221; _builder_version=&#8221;3.19.14&#8243; custom_button=&#8221;on&#8221; button_border_color=&#8221;#dad3b7&#8243; button_icon=&#8221;%%24%%&#8221; locked=&#8221;off&#8221; button_alignment=&#8221;right&#8221;]<\/p>\n<p>[\/et_pb_button][\/et_pb_column][et_pb_column type=&#8221;1_4&#8243; background_color=&#8221;rgba(237,233,219,0.5)&#8221; custom_padding__hover=&#8221;|||&#8221; custom_padding=&#8221;20px|20px|20px|20px&#8221;][et_pb_gallery gallery_ids=&#8221;1843&#8243; hover_overlay_color=&#8221;rgba(237,233,219,0.7)&#8221; _builder_version=&#8221;3.19.14&#8243; posts_number=&#8221;1&#8243; show_title_and_caption=&#8221;off&#8221; show_pagination=&#8221;off&#8221;]<\/p>\n<p>[\/et_pb_gallery][\/et_pb_column][\/et_pb_row][et_pb_row _builder_version=&#8221;3.19.14&#8243; custom_margin=&#8221;10px|||&#8221; custom_padding=&#8221;10px|||&#8221; width=&#8221;80%&#8221; max_width=&#8221;1080px&#8221;][et_pb_column type=&#8221;3_4&#8243; custom_padding__hover=&#8221;|||&#8221; custom_padding=&#8221;|||&#8221;][et_pb_text _builder_version=&#8221;3.19.14&#8243;]<\/p>\n<h1>Consell Comarcal de la Segarra<\/h1>\n<p>La Segarra, con un paisaje y una vida rurales poco transformados por la urbanizaci\u00f3n y la industrializaci\u00f3n, fen\u00f3menos que se han concentrado en las principales poblaciones de la comarca, se caracteriza por tener una belleza intr\u00ednseca capaz de satisfacer los esp\u00edritus sensibles a los valores de la naturaleza, de la historia y de la vida rural.<\/p>\n<p>[\/et_pb_text][et_pb_button button_url=&#8221;http:\/\/www.ccsegarra.cat\/&#8221; url_new_window=&#8221;on&#8221; button_text=&#8221;M\u00e1s informaci\u00f3n&#8221; _builder_version=&#8221;3.19.14&#8243; custom_button=&#8221;on&#8221; button_border_color=&#8221;#dad3b7&#8243; button_icon=&#8221;%%24%%&#8221; locked=&#8221;off&#8221; button_alignment=&#8221;right&#8221;]<\/p>\n<p>[\/et_pb_button][\/et_pb_column][et_pb_column type=&#8221;1_4&#8243; background_color=&#8221;rgba(237,233,219,0.5)&#8221; custom_padding__hover=&#8221;|||&#8221; custom_padding=&#8221;20px|20px|20px|20px&#8221;][et_pb_gallery gallery_ids=&#8221;1845&#8243; hover_overlay_color=&#8221;rgba(237,233,219,0.7)&#8221; _builder_version=&#8221;3.19.14&#8243; posts_number=&#8221;1&#8243; show_title_and_caption=&#8221;off&#8221; show_pagination=&#8221;off&#8221;]<\/p>\n<p>[\/et_pb_gallery][\/et_pb_column][\/et_pb_row][\/et_pb_section][et_pb_section bb_built=&#8221;1&#8243; admin_label=&#8221;CAT-Actividades-secci\u00f3n&#8221; _builder_version=&#8221;3.19.14&#8243; saved_tabs=&#8221;all&#8221; custom_margin=&#8221;0px||&#8221; custom_padding=&#8221;0px||&#8221; prev_background_color=&#8221;#000000&#8243; next_background_color=&#8221;#e86434&#8243; inner_width=&#8221;auto&#8221; inner_max_width=&#8221;1080px&#8221;][et_pb_row _builder_version=&#8221;3.19.14&#8243; width=&#8221;80%&#8221; max_width=&#8221;1080px&#8221;][et_pb_column type=&#8221;4_4&#8243; custom_padding__hover=&#8221;|||&#8221; custom_padding=&#8221;|||&#8221;][et_pb_text _builder_version=&#8221;3.19.14&#8243; text_font=&#8221;Montserrat|700|||||||&#8221; text_text_color=&#8221;#62938f&#8221; text_font_size=&#8221;24px&#8221;]<\/p>\n<p>Actividades<\/p>\n<p>[\/et_pb_text][et_pb_divider _builder_version=&#8221;3.17.6&#8243; \/][\/et_pb_column][\/et_pb_row][et_pb_row _builder_version=&#8221;3.18.2&#8243; width=&#8221;80%&#8221; max_width=&#8221;1080px&#8221;][et_pb_column type=&#8221;4_4&#8243; custom_padding__hover=&#8221;|||&#8221; custom_padding=&#8221;|||&#8221;][et_pb_portfolio fullwidth=&#8221;off&#8221; posts_number=&#8221;4&#8243; include_categories=&#8221;17&#8243; show_categories=&#8221;off&#8221; show_pagination=&#8221;off&#8221; hover_overlay_color=&#8221;rgba(237,233,219,0.7)&#8221; _builder_version=&#8221;3.19.14&#8243; locked=&#8221;off&#8221; \/][\/et_pb_column][\/et_pb_row][\/et_pb_section][et_pb_section bb_built=&#8221;1&#8243; admin_label=&#8221;CAT-CTA-secci\u00f3n&#8221; prev_background_color=&#8221;#ffffff&#8221; _builder_version=&#8221;3.18.2&#8243; background_color=&#8221;#e86434&#8243; top_divider_style=&#8221;wave2&#8243; saved_tabs=&#8221;all&#8221; inner_width=&#8221;auto&#8221; inner_max_width=&#8221;1080px&#8221;][et_pb_row custom_padding=&#8221;20px|||&#8221; _builder_version=&#8221;3.18.2&#8243; width=&#8221;80%&#8221; max_width=&#8221;1080px&#8221;][et_pb_column type=&#8221;4_4&#8243; custom_padding__hover=&#8221;|||&#8221; custom_padding=&#8221;20px|||&#8221;][et_pb_cta title=&#8221;Castell de Concabella&#8221; button_url=&#8221;https:\/\/castelldeconcabella.cat\/es\/contacto\/&#8221; button_text=&#8221;\u00a1Reserva una visita!&#8221; _builder_version=&#8221;3.19.14&#8243; header_font_size=&#8221;32&#8243; body_font_size=&#8221;16&#8243; use_background_color=&#8221;off&#8221; custom_button=&#8221;on&#8221; button_icon=&#8221;%%202%%&#8221; button_on_hover=&#8221;off&#8221; link_option_url=&#8221;https:\/\/castelldeconcabella.cat\/es\/contacto\/&#8221;]<\/p>\n<p>una puerta para descubrir la Segarra<\/p>\n<p>[\/et_pb_cta][\/et_pb_column][\/et_pb_row][\/et_pb_section]<\/p>\n","protected":false},"excerpt":{"rendered":"<p>Festival de M\u00fasica del Castell de Concabella M\u00fasicos de renombre internacional se dan cita cada a\u00f1o en el escenario del Castell de Concabella, un evento musical organizado por el Ayuntamiento de Els Plans de Si\u00f3 y la asociaci\u00f3n cultural Amics del Castell de Concabella. Associaci\u00f3 cultural Amics del Castell de Concabella Entidad sin \u00e1nimo de [&hellip;]<\/p>\n","protected":false},"author":1,"featured_media":0,"parent":1329,"menu_order":5,"comment_status":"closed","ping_status":"closed","template":"","meta":{"_et_pb_use_builder":"on","_et_pb_old_content":"<!-- wp:divi\/placeholder \/-->","_et_gb_content_width":"","footnotes":""},"_links":{"self":[{"href":"https:\/\/castelldeconcabella.cat\/es\/wp-json\/wp\/v2\/pages\/1354"}],"collection":[{"href":"https:\/\/castelldeconcabella.cat\/es\/wp-json\/wp\/v2\/pages"}],"about":[{"href":"https:\/\/castelldeconcabella.cat\/es\/wp-json\/wp\/v2\/types\/page"}],"author":[{"embeddable":true,"href":"https:\/\/castelldeconcabella.cat\/es\/wp-json\/wp\/v2\/users\/1"}],"replies":[{"embeddable":true,"href":"https:\/\/castelldeconcabella.cat\/es\/wp-json\/wp\/v2\/comments?post=1354"}],"version-history":[{"count":30,"href":"https:\/\/castelldeconcabella.cat\/es\/wp-json\/wp\/v2\/pages\/1354\/revisions"}],"predecessor-version":[{"id":3581,"href":"https:\/\/castelldeconcabella.cat\/es\/wp-json\/wp\/v2\/pages\/1354\/revisions\/3581"}],"up":[{"embeddable":true,"href":"https:\/\/castelldeconcabella.cat\/es\/wp-json\/wp\/v2\/pages\/1329"}],"wp:attachment":[{"href":"https:\/\/castelldeconcabella.cat\/es\/wp-json\/wp\/v2\/media?parent=1354"}],"curies":[{"name":"wp","href":"https:\/\/api.w.org\/{rel}","templated":true}]}}