{"id":3539,"date":"2023-04-10T11:24:35","date_gmt":"2023-04-10T10:24:35","guid":{"rendered":"http:\/\/castelldeconcabella.cat\/project\/15-4-2023-concierto-de-rumba-con-pep-llado-the-two-rivers-band\/"},"modified":"2024-04-29T12:28:00","modified_gmt":"2024-04-29T11:28:00","slug":"15-4-2023-concierto-de-rumba-con-pep-llado-the-two-rivers-band","status":"publish","type":"project","link":"https:\/\/castelldeconcabella.cat\/es\/project\/15-4-2023-concierto-de-rumba-con-pep-llado-the-two-rivers-band\/","title":{"rendered":"15\/4\/2023 Concierto de rumba con Pep Llad\u00f3 &#038; The Two Rivers Band"},"content":{"rendered":"<p>[et_pb_section fb_built=&#8221;1&#8243; fullwidth=&#8221;on&#8221; admin_label=&#8221;CAT-Actividades-t\u00edtulo&#8221; _builder_version=&#8221;4.16&#8243; custom_margin=&#8221;|||&#8221; saved_tabs=&#8221;all&#8221; global_colors_info=&#8221;{}&#8221;][et_pb_fullwidth_header title=&#8221;15\/4\/2023 Concierto de rumba con Pep Llad\u00f3 &amp; The Two Rivers Band&#8221; admin_label=&#8221;CAT-Actividades-t\u00edtulo&#8221; _builder_version=&#8221;4.16&#8243; title_text_color=&#8221;#e86434&#8243; background_color=&#8221;#ede9db&#8221; custom_padding=&#8221;20px||20px&#8221; custom_padding_tablet=&#8221;0px||0px&#8221; custom_padding_phone=&#8221;&#8221; custom_padding_last_edited=&#8221;on|desktop&#8221; title_font_size_tablet=&#8221;24px&#8221; title_font_size_phone=&#8221;&#8221; title_font_size_last_edited=&#8221;on|desktop&#8221; z_index_tablet=&#8221;500&#8243; title_text_shadow_horizontal_length_tablet=&#8221;0px&#8221; title_text_shadow_vertical_length_tablet=&#8221;0px&#8221; title_text_shadow_blur_strength_tablet=&#8221;1px&#8221; content_text_shadow_horizontal_length_tablet=&#8221;0px&#8221; content_text_shadow_vertical_length_tablet=&#8221;0px&#8221; content_text_shadow_blur_strength_tablet=&#8221;1px&#8221; subhead_text_shadow_horizontal_length_tablet=&#8221;0px&#8221; subhead_text_shadow_vertical_length_tablet=&#8221;0px&#8221; subhead_text_shadow_blur_strength_tablet=&#8221;1px&#8221; content_link_text_shadow_horizontal_length_tablet=&#8221;0px&#8221; content_link_text_shadow_vertical_length_tablet=&#8221;0px&#8221; content_link_text_shadow_blur_strength_tablet=&#8221;1px&#8221; content_ul_text_shadow_horizontal_length_tablet=&#8221;0px&#8221; content_ul_text_shadow_vertical_length_tablet=&#8221;0px&#8221; content_ul_text_shadow_blur_strength_tablet=&#8221;1px&#8221; content_ol_text_shadow_horizontal_length_tablet=&#8221;0px&#8221; content_ol_text_shadow_vertical_length_tablet=&#8221;0px&#8221; content_ol_text_shadow_blur_strength_tablet=&#8221;1px&#8221; content_quote_text_shadow_horizontal_length_tablet=&#8221;0px&#8221; content_quote_text_shadow_vertical_length_tablet=&#8221;0px&#8221; content_quote_text_shadow_blur_strength_tablet=&#8221;1px&#8221; button_one_text_shadow_horizontal_length_tablet=&#8221;0px&#8221; button_one_text_shadow_vertical_length_tablet=&#8221;0px&#8221; button_one_text_shadow_blur_strength_tablet=&#8221;1px&#8221; button_two_text_shadow_horizontal_length_tablet=&#8221;0px&#8221; button_two_text_shadow_vertical_length_tablet=&#8221;0px&#8221; button_two_text_shadow_blur_strength_tablet=&#8221;1px&#8221; box_shadow_horizontal_tablet=&#8221;0px&#8221; box_shadow_vertical_tablet=&#8221;0px&#8221; box_shadow_blur_tablet=&#8221;40px&#8221; box_shadow_spread_tablet=&#8221;0px&#8221; box_shadow_horizontal_image_tablet=&#8221;0px&#8221; box_shadow_vertical_image_tablet=&#8221;0px&#8221; box_shadow_blur_image_tablet=&#8221;40px&#8221; box_shadow_spread_image_tablet=&#8221;0px&#8221; box_shadow_horizontal_button_one_tablet=&#8221;0px&#8221; box_shadow_vertical_button_one_tablet=&#8221;0px&#8221; box_shadow_blur_button_one_tablet=&#8221;40px&#8221; box_shadow_spread_button_one_tablet=&#8221;0px&#8221; box_shadow_horizontal_button_two_tablet=&#8221;0px&#8221; box_shadow_vertical_button_two_tablet=&#8221;0px&#8221; box_shadow_blur_button_two_tablet=&#8221;40px&#8221; box_shadow_spread_button_two_tablet=&#8221;0px&#8221; text_shadow_horizontal_length_tablet=&#8221;0px&#8221; text_shadow_vertical_length_tablet=&#8221;0px&#8221; text_shadow_blur_strength_tablet=&#8221;1px&#8221; saved_tabs=&#8221;all&#8221; locked=&#8221;off&#8221; global_colors_info=&#8221;{}&#8221;][\/et_pb_fullwidth_header][\/et_pb_section][et_pb_section fb_built=&#8221;1&#8243; _builder_version=&#8221;4.16&#8243; global_colors_info=&#8221;{}&#8221;][et_pb_row _builder_version=&#8221;4.16&#8243; locked=&#8221;off&#8221; global_colors_info=&#8221;{}&#8221; column_structure=&#8221;1_2,1_2&#8243;][et_pb_column type=&#8221;1_2&#8243; _builder_version=&#8221;4.16&#8243; custom_padding=&#8221;|||&#8221; global_colors_info=&#8221;{}&#8221; custom_padding__hover=&#8221;|||&#8221;][et_pb_image src=&#8221;http:\/\/castelldeconcabella.cat\/wp-content\/uploads\/2023\/04\/CARTELL-PEP-LLAD\u00d3-I-LA-TWO-RIVERS-BAND.jpg&#8221; align_tablet=&#8221;center&#8221; align_phone=&#8221;&#8221; align_last_edited=&#8221;on|desktop&#8221; _builder_version=&#8221;4.16&#8243; z_index_tablet=&#8221;500&#8243; box_shadow_horizontal_tablet=&#8221;0px&#8221; box_shadow_vertical_tablet=&#8221;0px&#8221; box_shadow_blur_tablet=&#8221;40px&#8221; box_shadow_spread_tablet=&#8221;0px&#8221; global_colors_info=&#8221;{}&#8221;][\/et_pb_image][\/et_pb_column][et_pb_column type=&#8221;1_2&#8243; _builder_version=&#8221;4.16&#8243; background_color=&#8221;rgba(237,233,219,0.5)&#8221; custom_padding=&#8221;20px|20px|20px|20px&#8221; global_colors_info=&#8221;{}&#8221; custom_padding__hover=&#8221;|||&#8221;][et_pb_text admin_label=&#8221;CAT-Actividades-texto&#8221; _builder_version=&#8221;4.25.0&#8243; hover_enabled=&#8221;0&#8243; z_index_tablet=&#8221;500&#8243; text_text_shadow_horizontal_length_tablet=&#8221;0px&#8221; text_text_shadow_vertical_length_tablet=&#8221;0px&#8221; text_text_shadow_blur_strength_tablet=&#8221;1px&#8221; link_text_shadow_horizontal_length_tablet=&#8221;0px&#8221; link_text_shadow_vertical_length_tablet=&#8221;0px&#8221; link_text_shadow_blur_strength_tablet=&#8221;1px&#8221; ul_text_shadow_horizontal_length_tablet=&#8221;0px&#8221; ul_text_shadow_vertical_length_tablet=&#8221;0px&#8221; ul_text_shadow_blur_strength_tablet=&#8221;1px&#8221; ol_text_shadow_horizontal_length_tablet=&#8221;0px&#8221; ol_text_shadow_vertical_length_tablet=&#8221;0px&#8221; ol_text_shadow_blur_strength_tablet=&#8221;1px&#8221; quote_text_shadow_horizontal_length_tablet=&#8221;0px&#8221; quote_text_shadow_vertical_length_tablet=&#8221;0px&#8221; quote_text_shadow_blur_strength_tablet=&#8221;1px&#8221; header_text_shadow_horizontal_length_tablet=&#8221;0px&#8221; header_text_shadow_vertical_length_tablet=&#8221;0px&#8221; header_text_shadow_blur_strength_tablet=&#8221;1px&#8221; header_2_text_shadow_horizontal_length_tablet=&#8221;0px&#8221; header_2_text_shadow_vertical_length_tablet=&#8221;0px&#8221; header_2_text_shadow_blur_strength_tablet=&#8221;1px&#8221; header_3_text_shadow_horizontal_length_tablet=&#8221;0px&#8221; header_3_text_shadow_vertical_length_tablet=&#8221;0px&#8221; header_3_text_shadow_blur_strength_tablet=&#8221;1px&#8221; header_4_text_shadow_horizontal_length_tablet=&#8221;0px&#8221; header_4_text_shadow_vertical_length_tablet=&#8221;0px&#8221; header_4_text_shadow_blur_strength_tablet=&#8221;1px&#8221; header_5_text_shadow_horizontal_length_tablet=&#8221;0px&#8221; header_5_text_shadow_vertical_length_tablet=&#8221;0px&#8221; header_5_text_shadow_blur_strength_tablet=&#8221;1px&#8221; header_6_text_shadow_horizontal_length_tablet=&#8221;0px&#8221; header_6_text_shadow_vertical_length_tablet=&#8221;0px&#8221; header_6_text_shadow_blur_strength_tablet=&#8221;1px&#8221; box_shadow_horizontal_tablet=&#8221;0px&#8221; box_shadow_vertical_tablet=&#8221;0px&#8221; box_shadow_blur_tablet=&#8221;40px&#8221; box_shadow_spread_tablet=&#8221;0px&#8221; saved_tabs=&#8221;all&#8221; global_colors_info=&#8221;{}&#8221; sticky_enabled=&#8221;0&#8243;]<\/p>\n<p>Pep Llad\u00f3 &amp; The Two Rivers Band actuar\u00e1n el s\u00e1bado 15 de abril, a las 7 de la tarde, en el Castell de Concabella.<\/p>\n<p>&nbsp;<\/p>\n<p>Pep Llad\u00f3 es una voz referente en la rumba catalana. Cofundador de Ai Ai Ai, ha colaborado con Gato P\u00e9rez, Los Amaya o Los Manolos, es productor, autor de canciones para otros artistas, firm\u00f3 las canciones de <em>Las Tres Mellizas<\/em> y tiene una carrera en paralelo de m\u00fasica chill-out.<\/p>\n<p>&nbsp;<\/p>\n<p>En este concierto le acompa\u00f1ar\u00e1n Carlitos Mi\u00f1arro, guitarra y coros; Roger Lozano, guitarra; Alba Bioque, coros; y Rub\u00e9n Carmona, caj\u00f3n, m\u00fasicos tambi\u00e9n con una larga trayectoria.<\/p>\n<p>&nbsp;<\/p>\n<p>Presentar\u00e1n <em>Les petites certeses<\/em>, un disco con un lenguaje cercano a la rumba, pero que se aleja de los t\u00f3picos y se fusiona delicadamente con el jazz y la canci\u00f3n francesa.<\/p>\n<p>&nbsp;<\/p>\n<p><strong>Cu\u00e1ndo:<\/strong> S\u00e1bado 15 de abril de 2023<\/p>\n<p>&nbsp;<\/p>\n<p><strong>Precio:<\/strong> 11 \u20ac socios Amics del Castell de Concabella y menores de edad 15 \u20ac no socios<\/p>\n<p>&nbsp;<\/p>\n<p><strong>Organizaci\u00f3n: <\/strong> Amics del Castell de Concabella Ajuntament dels Plans de Si\u00f3 Castell de Concabella<\/p>\n<p>[\/et_pb_text][et_pb_code admin_label=&#8221;Bot\u00f3n Tornar&#8221; _builder_version=&#8221;4.16&#8243; saved_tabs=&#8221;all&#8221; global_colors_info=&#8221;{}&#8221;]<pee><button>\u00ab Tornar<\/button><\/pee>\n<!-- [et_pb_line_break_holder] -->\n<pee><script><!-- [et_pb_line_break_holder] -->function goBack() {<!-- [et_pb_line_break_holder] --> window.history.back();<!-- [et_pb_line_break_holder] -->}<!-- [et_pb_line_break_holder] --><\/script><\/pee>[\/et_pb_code][\/et_pb_column][\/et_pb_row][\/et_pb_section][et_pb_section fb_built=&#8221;1&#8243; admin_label=&#8221;CAT-Actividades-secci\u00f3n&#8221; _builder_version=&#8221;4.16&#8243; custom_margin=&#8221;0px||&#8221; custom_padding=&#8221;0px||&#8221; saved_tabs=&#8221;all&#8221; global_colors_info=&#8221;{}&#8221;][et_pb_row _builder_version=&#8221;4.16&#8243; global_colors_info=&#8221;{}&#8221;][et_pb_column type=&#8221;4_4&#8243; _builder_version=&#8221;4.16&#8243; custom_padding=&#8221;|||&#8221; global_colors_info=&#8221;{}&#8221; custom_padding__hover=&#8221;|||&#8221;][et_pb_text _builder_version=&#8221;4.16&#8243; text_font=&#8221;Montserrat|700|||||||&#8221; text_text_color=&#8221;#62938f&#8221; text_font_size=&#8221;24px&#8221; global_colors_info=&#8221;{}&#8221;]<\/p>\n<p>Actividades<\/p>\n<p>[\/et_pb_text][et_pb_divider _builder_version=&#8221;4.16&#8243; global_colors_info=&#8221;{}&#8221;][\/et_pb_divider][\/et_pb_column][\/et_pb_row][et_pb_row _builder_version=&#8221;4.16&#8243; global_colors_info=&#8221;{}&#8221;][et_pb_column type=&#8221;4_4&#8243; _builder_version=&#8221;4.16&#8243; custom_padding=&#8221;|||&#8221; global_colors_info=&#8221;{}&#8221; custom_padding__hover=&#8221;|||&#8221;]<\/p>\n<p>[et_pb_portfolio fullwidth=&#8221;off&#8221; posts_number=&#8221;4&#8243; include_categories=&#8221;17&#8243; show_categories=&#8221;off&#8221; show_pagination=&#8221;off&#8221; hover_overlay_color=&#8221;rgba(237,233,219,0.7)&#8221; _builder_version=&#8221;3.19.14&#8243; locked=&#8221;off&#8221; \/]<\/p>\n<p>[\/et_pb_column][\/et_pb_row][\/et_pb_section][et_pb_section fb_built=&#8221;1&#8243; prev_background_color=&#8221;#ffffff&#8221; admin_label=&#8221;CAT-CTA-secci\u00f3n&#8221; _builder_version=&#8221;4.16&#8243; background_color=&#8221;#e86434&#8243; top_divider_style=&#8221;wave2&#8243; saved_tabs=&#8221;all&#8221; global_colors_info=&#8221;{}&#8221;][et_pb_row _builder_version=&#8221;4.16&#8243; custom_padding=&#8221;20px|||&#8221; global_colors_info=&#8221;{}&#8221;][et_pb_column type=&#8221;4_4&#8243; _builder_version=&#8221;4.16&#8243; custom_padding=&#8221;20px|||&#8221; global_colors_info=&#8221;{}&#8221; custom_padding__hover=&#8221;|||&#8221;][et_pb_cta title=&#8221;Castell de Concabella&#8221; button_url=&#8221;https:\/\/castelldeconcabella.cat\/es\/contacto\/&#8221; button_text=&#8221;\u00a1Reserva una visita!&#8221; _builder_version=&#8221;4.16&#8243; header_font_size=&#8221;32&#8243; body_font_size=&#8221;16&#8243; use_background_color=&#8221;off&#8221; custom_button=&#8221;on&#8221; button_icon=&#8221;&#xe052;||divi||400&#8243; button_on_hover=&#8221;off&#8221; link_option_url=&#8221;https:\/\/castelldeconcabella.cat\/es\/contacto\/&#8221; global_colors_info=&#8221;{}&#8221;]<\/p>\n<p>una puerta para descubrir la Segarra<\/p>\n<p>[\/et_pb_cta][\/et_pb_column][\/et_pb_row][\/et_pb_section]<\/p>\n","protected":false},"excerpt":{"rendered":"<p>Pep Llad\u00f3 &amp; The Two Rivers Band actuar\u00e1n el s\u00e1bado 15 de abril, a las 7 de la tarde, en el Castell de Concabella. &nbsp; Pep Llad\u00f3 es una voz referente en la rumba catalana. Cofundador de Ai Ai Ai, ha colaborado con Gato P\u00e9rez, Los Amaya o Los Manolos, es productor, autor de canciones [&hellip;]<\/p>\n","protected":false},"author":4,"featured_media":3534,"comment_status":"closed","ping_status":"closed","template":"","meta":{"_et_pb_use_builder":"on","_et_pb_old_content":"","_et_gb_content_width":"","footnotes":""},"project_category":[27],"project_tag":[],"_links":{"self":[{"href":"https:\/\/castelldeconcabella.cat\/es\/wp-json\/wp\/v2\/project\/3539"}],"collection":[{"href":"https:\/\/castelldeconcabella.cat\/es\/wp-json\/wp\/v2\/project"}],"about":[{"href":"https:\/\/castelldeconcabella.cat\/es\/wp-json\/wp\/v2\/types\/project"}],"author":[{"embeddable":true,"href":"https:\/\/castelldeconcabella.cat\/es\/wp-json\/wp\/v2\/users\/4"}],"replies":[{"embeddable":true,"href":"https:\/\/castelldeconcabella.cat\/es\/wp-json\/wp\/v2\/comments?post=3539"}],"version-history":[{"count":4,"href":"https:\/\/castelldeconcabella.cat\/es\/wp-json\/wp\/v2\/project\/3539\/revisions"}],"predecessor-version":[{"id":4357,"href":"https:\/\/castelldeconcabella.cat\/es\/wp-json\/wp\/v2\/project\/3539\/revisions\/4357"}],"wp:featuredmedia":[{"embeddable":true,"href":"https:\/\/castelldeconcabella.cat\/es\/wp-json\/wp\/v2\/media\/3534"}],"wp:attachment":[{"href":"https:\/\/castelldeconcabella.cat\/es\/wp-json\/wp\/v2\/media?parent=3539"}],"wp:term":[{"taxonomy":"project_category","embeddable":true,"href":"https:\/\/castelldeconcabella.cat\/es\/wp-json\/wp\/v2\/project_category?post=3539"},{"taxonomy":"project_tag","embeddable":true,"href":"https:\/\/castelldeconcabella.cat\/es\/wp-json\/wp\/v2\/project_tag?post=3539"}],"curies":[{"name":"wp","href":"https:\/\/api.w.org\/{rel}","templated":true}]}}