{"id":4544,"date":"2024-10-23T10:59:14","date_gmt":"2024-10-23T09:59:14","guid":{"rendered":"https:\/\/castelldeconcabella.cat\/project\/26-10-2024-xix-festival-de-musica-castell-de-concabella\/"},"modified":"2024-11-08T18:48:28","modified_gmt":"2024-11-08T17:48:28","slug":"26-10-2024-xix-festival-de-musica-castell-de-concabella","status":"publish","type":"project","link":"https:\/\/castelldeconcabella.cat\/es\/project\/26-10-2024-xix-festival-de-musica-castell-de-concabella\/","title":{"rendered":"26\/10\/2024 XIX Festival de M\u00fasica Castell de Concabella"},"content":{"rendered":"<p>[et_pb_section fb_built=&#8221;1&#8243; fullwidth=&#8221;on&#8221; admin_label=&#8221;CAT-Actividades-t\u00edtulo&#8221; _builder_version=&#8221;4.16&#8243; custom_margin=&#8221;|||&#8221; saved_tabs=&#8221;all&#8221; global_colors_info=&#8221;{}&#8221; theme_builder_area=&#8221;post_content&#8221;][et_pb_fullwidth_header title=&#8221;26\/10\/2024 XIX Festival de M\u00fasica Castell de Concabella&#8221; admin_label=&#8221;CAT-Actividades-t\u00edtulo&#8221; _builder_version=&#8221;4.25.0&#8243; title_text_color=&#8221;#e86434&#8243; background_color=&#8221;#ede9db&#8221; vertical_offset_tablet=&#8221;0&#8243; horizontal_offset_tablet=&#8221;0&#8243; custom_padding=&#8221;20px||20px&#8221; custom_padding_tablet=&#8221;0px||0px&#8221; custom_padding_phone=&#8221;&#8221; custom_padding_last_edited=&#8221;on|desktop&#8221; hover_enabled=&#8221;0&#8243; title_font_size_tablet=&#8221;24px&#8221; title_font_size_phone=&#8221;&#8221; title_font_size_last_edited=&#8221;on|desktop&#8221; z_index_tablet=&#8221;500&#8243; title_text_shadow_horizontal_length_tablet=&#8221;0px&#8221; title_text_shadow_vertical_length_tablet=&#8221;0px&#8221; title_text_shadow_blur_strength_tablet=&#8221;1px&#8221; content_text_shadow_horizontal_length_tablet=&#8221;0px&#8221; content_text_shadow_vertical_length_tablet=&#8221;0px&#8221; content_text_shadow_blur_strength_tablet=&#8221;1px&#8221; subhead_text_shadow_horizontal_length_tablet=&#8221;0px&#8221; subhead_text_shadow_vertical_length_tablet=&#8221;0px&#8221; subhead_text_shadow_blur_strength_tablet=&#8221;1px&#8221; content_link_text_shadow_horizontal_length_tablet=&#8221;0px&#8221; content_link_text_shadow_vertical_length_tablet=&#8221;0px&#8221; content_link_text_shadow_blur_strength_tablet=&#8221;1px&#8221; content_ul_text_shadow_horizontal_length_tablet=&#8221;0px&#8221; content_ul_text_shadow_vertical_length_tablet=&#8221;0px&#8221; content_ul_text_shadow_blur_strength_tablet=&#8221;1px&#8221; content_ol_text_shadow_horizontal_length_tablet=&#8221;0px&#8221; content_ol_text_shadow_vertical_length_tablet=&#8221;0px&#8221; content_ol_text_shadow_blur_strength_tablet=&#8221;1px&#8221; content_quote_text_shadow_horizontal_length_tablet=&#8221;0px&#8221; content_quote_text_shadow_vertical_length_tablet=&#8221;0px&#8221; content_quote_text_shadow_blur_strength_tablet=&#8221;1px&#8221; button_one_text_shadow_horizontal_length_tablet=&#8221;0px&#8221; button_one_text_shadow_vertical_length_tablet=&#8221;0px&#8221; button_one_text_shadow_blur_strength_tablet=&#8221;1px&#8221; button_two_text_shadow_horizontal_length_tablet=&#8221;0px&#8221; button_two_text_shadow_vertical_length_tablet=&#8221;0px&#8221; button_two_text_shadow_blur_strength_tablet=&#8221;1px&#8221; box_shadow_horizontal_tablet=&#8221;0px&#8221; box_shadow_vertical_tablet=&#8221;0px&#8221; box_shadow_blur_tablet=&#8221;40px&#8221; box_shadow_spread_tablet=&#8221;0px&#8221; box_shadow_horizontal_image_tablet=&#8221;0px&#8221; box_shadow_vertical_image_tablet=&#8221;0px&#8221; box_shadow_blur_image_tablet=&#8221;40px&#8221; box_shadow_spread_image_tablet=&#8221;0px&#8221; box_shadow_horizontal_button_one_tablet=&#8221;0px&#8221; box_shadow_vertical_button_one_tablet=&#8221;0px&#8221; box_shadow_blur_button_one_tablet=&#8221;40px&#8221; box_shadow_spread_button_one_tablet=&#8221;0px&#8221; box_shadow_horizontal_button_two_tablet=&#8221;0px&#8221; box_shadow_vertical_button_two_tablet=&#8221;0px&#8221; box_shadow_blur_button_two_tablet=&#8221;40px&#8221; box_shadow_spread_button_two_tablet=&#8221;0px&#8221; text_shadow_horizontal_length_tablet=&#8221;0px&#8221; text_shadow_vertical_length_tablet=&#8221;0px&#8221; text_shadow_blur_strength_tablet=&#8221;1px&#8221; saved_tabs=&#8221;all&#8221; locked=&#8221;off&#8221; global_colors_info=&#8221;{}&#8221; theme_builder_area=&#8221;post_content&#8221; sticky_enabled=&#8221;0&#8243;][\/et_pb_fullwidth_header][\/et_pb_section][et_pb_section fb_built=&#8221;1&#8243; _builder_version=&#8221;4.16&#8243; global_colors_info=&#8221;{}&#8221; theme_builder_area=&#8221;post_content&#8221;][et_pb_row column_structure=&#8221;1_2,1_2&#8243; _builder_version=&#8221;4.16&#8243; locked=&#8221;off&#8221; global_colors_info=&#8221;{}&#8221; theme_builder_area=&#8221;post_content&#8221;][et_pb_column type=&#8221;1_2&#8243; _builder_version=&#8221;4.16&#8243; custom_padding=&#8221;|||&#8221; global_colors_info=&#8221;{}&#8221; custom_padding__hover=&#8221;|||&#8221; theme_builder_area=&#8221;post_content&#8221;][et_pb_image src=&#8221;https:\/\/castelldeconcabella.cat\/wp-content\/uploads\/2024\/10\/XIX-Festival-de-Musica.jpg&#8221; alt=&#8221;XIX Festival de M\u00fasica&#8221; title_text=&#8221;XIX Festival de M\u00fasica&#8221; align_tablet=&#8221;center&#8221; align_phone=&#8221;&#8221; align_last_edited=&#8221;on|desktop&#8221; _builder_version=&#8221;4.25.0&#8243; vertical_offset_tablet=&#8221;0&#8243; horizontal_offset_tablet=&#8221;0&#8243; hover_enabled=&#8221;0&#8243; z_index_tablet=&#8221;500&#8243; box_shadow_horizontal_tablet=&#8221;0px&#8221; box_shadow_vertical_tablet=&#8221;0px&#8221; box_shadow_blur_tablet=&#8221;40px&#8221; box_shadow_spread_tablet=&#8221;0px&#8221; global_colors_info=&#8221;{}&#8221; theme_builder_area=&#8221;post_content&#8221; sticky_enabled=&#8221;0&#8243;][\/et_pb_image][et_pb_button button_url=&#8221;https:\/\/amicscastellconcabella.wordpress.com\/&#8221; button_text=&#8221;Compra de entradas&#8221; _builder_version=&#8221;4.25.0&#8243; _module_preset=&#8221;default&#8221; hover_enabled=&#8221;0&#8243; global_colors_info=&#8221;{}&#8221; theme_builder_area=&#8221;post_content&#8221; sticky_enabled=&#8221;0&#8243;][\/et_pb_button][\/et_pb_column][et_pb_column type=&#8221;1_2&#8243; _builder_version=&#8221;4.16&#8243; background_color=&#8221;rgba(237,233,219,0.5)&#8221; custom_padding=&#8221;20px|20px|20px|20px&#8221; global_colors_info=&#8221;{}&#8221; custom_padding__hover=&#8221;|||&#8221; theme_builder_area=&#8221;post_content&#8221;][et_pb_text admin_label=&#8221;CAT-Actividades-texto&#8221; _builder_version=&#8221;4.25.0&#8243; vertical_offset_tablet=&#8221;0&#8243; horizontal_offset_tablet=&#8221;0&#8243; hover_enabled=&#8221;0&#8243; z_index_tablet=&#8221;500&#8243; text_text_shadow_horizontal_length_tablet=&#8221;0px&#8221; text_text_shadow_vertical_length_tablet=&#8221;0px&#8221; text_text_shadow_blur_strength_tablet=&#8221;1px&#8221; link_text_shadow_horizontal_length_tablet=&#8221;0px&#8221; link_text_shadow_vertical_length_tablet=&#8221;0px&#8221; link_text_shadow_blur_strength_tablet=&#8221;1px&#8221; ul_text_shadow_horizontal_length_tablet=&#8221;0px&#8221; ul_text_shadow_vertical_length_tablet=&#8221;0px&#8221; ul_text_shadow_blur_strength_tablet=&#8221;1px&#8221; ol_text_shadow_horizontal_length_tablet=&#8221;0px&#8221; ol_text_shadow_vertical_length_tablet=&#8221;0px&#8221; ol_text_shadow_blur_strength_tablet=&#8221;1px&#8221; quote_text_shadow_horizontal_length_tablet=&#8221;0px&#8221; quote_text_shadow_vertical_length_tablet=&#8221;0px&#8221; quote_text_shadow_blur_strength_tablet=&#8221;1px&#8221; header_text_shadow_horizontal_length_tablet=&#8221;0px&#8221; header_text_shadow_vertical_length_tablet=&#8221;0px&#8221; header_text_shadow_blur_strength_tablet=&#8221;1px&#8221; header_2_text_shadow_horizontal_length_tablet=&#8221;0px&#8221; header_2_text_shadow_vertical_length_tablet=&#8221;0px&#8221; header_2_text_shadow_blur_strength_tablet=&#8221;1px&#8221; header_3_text_shadow_horizontal_length_tablet=&#8221;0px&#8221; header_3_text_shadow_vertical_length_tablet=&#8221;0px&#8221; header_3_text_shadow_blur_strength_tablet=&#8221;1px&#8221; header_4_text_shadow_horizontal_length_tablet=&#8221;0px&#8221; header_4_text_shadow_vertical_length_tablet=&#8221;0px&#8221; header_4_text_shadow_blur_strength_tablet=&#8221;1px&#8221; header_5_text_shadow_horizontal_length_tablet=&#8221;0px&#8221; header_5_text_shadow_vertical_length_tablet=&#8221;0px&#8221; header_5_text_shadow_blur_strength_tablet=&#8221;1px&#8221; header_6_text_shadow_horizontal_length_tablet=&#8221;0px&#8221; header_6_text_shadow_vertical_length_tablet=&#8221;0px&#8221; header_6_text_shadow_blur_strength_tablet=&#8221;1px&#8221; box_shadow_horizontal_tablet=&#8221;0px&#8221; box_shadow_vertical_tablet=&#8221;0px&#8221; box_shadow_blur_tablet=&#8221;40px&#8221; box_shadow_spread_tablet=&#8221;0px&#8221; saved_tabs=&#8221;all&#8221; global_colors_info=&#8221;{}&#8221; theme_builder_area=&#8221;post_content&#8221; sticky_enabled=&#8221;0&#8243;]<\/p>\n<p>El Quartet Gresol inaugurar\u00e1 la decimonovena edici\u00f3n del Festival de M\u00fasica Castell de Concabella el s\u00e1bado 26 de octubre. Formado por los m\u00fasicos Enric Ribalta, flauta; Alberto Reguera, viol\u00edn; F\u00e9lix Gallego, viola, y Mariona Tuset, violonchelo, interpretar\u00e1 la integral de los cuartetos de Mozart para flauta y cuerda.<\/p>\n<p>El 9 de noviembre actuar\u00e1 el Cuarteto Gerhard (Llu\u00eds Cast\u00e1n, viol\u00edn; Judit Bardolet, viol\u00edn; Miquel Jord\u00e0, viola, y Jes\u00fas Miralles, violonchelo), que ofrecer\u00e1 un repertorio cl\u00e1sico, con obras de Bach, Shostakovich y Chaikovski.<\/p>\n<p>Y la clausura del festival correr\u00e1 a cargo de la soprano Marga Cloquell y el pianista Josep M. Colom el 23 de noviembre, con una selecci\u00f3n muy representativa de la mejor m\u00fasica para canto y piano de autores catalanes y espa\u00f1oles de entre los siglos XVIII y XXI.<\/p>\n<p>Las entradas se pueden comprar anticipadamente o bien una hora antes del inicio del concierto en taquilla.<\/p>\n<p>El cartel es obra de la dise\u00f1adora gr\u00e1fica Merc\u00e8 Serra, de arsblanc.net.<\/p>\n<p><strong>Cu\u00e1ndo:<br \/><\/strong>S\u00e1bados 26 d\u2019octubre, 9 y 23 de noviembre de 2024<\/p>\n<p><strong>Hora:<\/strong><br \/>7 de la tarde<\/p>\n<p><strong>Precio:<br \/><\/strong>15 \u20ac socios Amics del Castell de Concabella y 20 \u20ac no socios<\/p>\n<p><strong><b>Organizaci\u00f3n<\/b>:<br \/><\/strong>Amics del Castell de Concabella<br \/>Ajuntament dels Plans de Si\u00f3<br \/>Castell de Concabella<\/p>\n<p>[\/et_pb_text][et_pb_code admin_label=&#8221;Bot\u00f3n Tornar&#8221; _builder_version=&#8221;4.16&#8243; saved_tabs=&#8221;all&#8221; global_colors_info=&#8221;{}&#8221; theme_builder_area=&#8221;post_content&#8221;]<pee><button>\u00ab Tornar<\/button><\/pee>\n<!-- [et_pb_line_break_holder] -->\n<pee><script><!-- [et_pb_line_break_holder] -->function goBack() {<!-- [et_pb_line_break_holder] --> window.history.back();<!-- [et_pb_line_break_holder] -->}<!-- [et_pb_line_break_holder] --><\/script><\/pee>[\/et_pb_code][\/et_pb_column][\/et_pb_row][\/et_pb_section][et_pb_section fb_built=&#8221;1&#8243; admin_label=&#8221;CAT-Actividades-secci\u00f3n&#8221; _builder_version=&#8221;4.16&#8243; custom_margin=&#8221;0px||&#8221; custom_padding=&#8221;0px||&#8221; saved_tabs=&#8221;all&#8221; global_colors_info=&#8221;{}&#8221; theme_builder_area=&#8221;post_content&#8221;][et_pb_row _builder_version=&#8221;4.16&#8243; global_colors_info=&#8221;{}&#8221; theme_builder_area=&#8221;post_content&#8221;][et_pb_column type=&#8221;4_4&#8243; _builder_version=&#8221;4.16&#8243; custom_padding=&#8221;|||&#8221; global_colors_info=&#8221;{}&#8221; custom_padding__hover=&#8221;|||&#8221; theme_builder_area=&#8221;post_content&#8221;][et_pb_text _builder_version=&#8221;4.16&#8243; text_font=&#8221;Montserrat|700|||||||&#8221; text_text_color=&#8221;#62938f&#8221; text_font_size=&#8221;24px&#8221; global_colors_info=&#8221;{}&#8221; theme_builder_area=&#8221;post_content&#8221;]<\/p>\n<p>Activitats<\/p>\n<p>[\/et_pb_text][et_pb_divider _builder_version=&#8221;4.16&#8243; global_colors_info=&#8221;{}&#8221; theme_builder_area=&#8221;post_content&#8221;][\/et_pb_divider][\/et_pb_column][\/et_pb_row][et_pb_row _builder_version=&#8221;4.16&#8243; global_colors_info=&#8221;{}&#8221; theme_builder_area=&#8221;post_content&#8221;][et_pb_column type=&#8221;4_4&#8243; _builder_version=&#8221;4.16&#8243; custom_padding=&#8221;|||&#8221; global_colors_info=&#8221;{}&#8221; custom_padding__hover=&#8221;|||&#8221; theme_builder_area=&#8221;post_content&#8221;]<\/p>\n<p>[et_pb_portfolio fullwidth=&#8221;off&#8221; posts_number=&#8221;4&#8243; include_categories=&#8221;17&#8243; show_categories=&#8221;off&#8221; show_pagination=&#8221;off&#8221; hover_overlay_color=&#8221;rgba(237,233,219,0.7)&#8221; _builder_version=&#8221;4.16&#8243; locked=&#8221;off&#8221; global_colors_info=&#8221;{}&#8221; theme_builder_area=&#8221;post_content&#8221;][\/et_pb_portfolio]<\/p>\n<p>[\/et_pb_column][\/et_pb_row][\/et_pb_section][et_pb_section fb_built=&#8221;1&#8243; prev_background_color=&#8221;#ffffff&#8221; admin_label=&#8221;CAT-CTA-secci\u00f3n&#8221; _builder_version=&#8221;4.16&#8243; background_color=&#8221;#e86434&#8243; top_divider_style=&#8221;wave2&#8243; saved_tabs=&#8221;all&#8221; global_colors_info=&#8221;{}&#8221; theme_builder_area=&#8221;post_content&#8221;][et_pb_row _builder_version=&#8221;4.16&#8243; custom_padding=&#8221;20px|||&#8221; global_colors_info=&#8221;{}&#8221; theme_builder_area=&#8221;post_content&#8221;][et_pb_column type=&#8221;4_4&#8243; _builder_version=&#8221;4.16&#8243; custom_padding=&#8221;20px|||&#8221; global_colors_info=&#8221;{}&#8221; custom_padding__hover=&#8221;|||&#8221; theme_builder_area=&#8221;post_content&#8221;][et_pb_cta title=&#8221;Castell de Concabella&#8221; button_url=&#8221;https:\/\/castelldeconcabella.cat\/es\/contacto\/&#8221; button_text=&#8221;\u00a1Reserva una visita!&#8221; _builder_version=&#8221;4.16&#8243; header_font_size=&#8221;32&#8243; body_font_size=&#8221;16&#8243; use_background_color=&#8221;off&#8221; custom_button=&#8221;on&#8221; button_icon=&#8221;&#xe052;||divi||400&#8243; button_on_hover=&#8221;off&#8221; link_option_url=&#8221;https:\/\/castelldeconcabella.cat\/es\/contacto\/&#8221; global_colors_info=&#8221;{}&#8221; theme_builder_area=&#8221;post_content&#8221;]<\/p>\n<p>una porta per descobrir la Segarra<\/p>\n<p>[\/et_pb_cta][\/et_pb_column][\/et_pb_row][\/et_pb_section]<\/p>\n","protected":false},"excerpt":{"rendered":"<p>El Quartet Gresol inaugurar\u00e1 la decimonovena edici\u00f3n del Festival de M\u00fasica Castell de Concabella el s\u00e1bado 26 de octubre. Formado por los m\u00fasicos Enric Ribalta, flauta; Alberto Reguera, viol\u00edn; F\u00e9lix Gallego, viola, y Mariona Tuset, violonchelo, interpretar\u00e1 la integral de los cuartetos de Mozart para flauta y cuerda. El 9 de noviembre actuar\u00e1 el Cuarteto [&hellip;]<\/p>\n","protected":false},"author":4,"featured_media":4542,"comment_status":"closed","ping_status":"closed","template":"","meta":{"_et_pb_use_builder":"on","_et_pb_old_content":"","_et_gb_content_width":"","footnotes":""},"project_category":[27],"project_tag":[],"_links":{"self":[{"href":"https:\/\/castelldeconcabella.cat\/es\/wp-json\/wp\/v2\/project\/4544"}],"collection":[{"href":"https:\/\/castelldeconcabella.cat\/es\/wp-json\/wp\/v2\/project"}],"about":[{"href":"https:\/\/castelldeconcabella.cat\/es\/wp-json\/wp\/v2\/types\/project"}],"author":[{"embeddable":true,"href":"https:\/\/castelldeconcabella.cat\/es\/wp-json\/wp\/v2\/users\/4"}],"replies":[{"embeddable":true,"href":"https:\/\/castelldeconcabella.cat\/es\/wp-json\/wp\/v2\/comments?post=4544"}],"version-history":[{"count":8,"href":"https:\/\/castelldeconcabella.cat\/es\/wp-json\/wp\/v2\/project\/4544\/revisions"}],"predecessor-version":[{"id":4555,"href":"https:\/\/castelldeconcabella.cat\/es\/wp-json\/wp\/v2\/project\/4544\/revisions\/4555"}],"wp:featuredmedia":[{"embeddable":true,"href":"https:\/\/castelldeconcabella.cat\/es\/wp-json\/wp\/v2\/media\/4542"}],"wp:attachment":[{"href":"https:\/\/castelldeconcabella.cat\/es\/wp-json\/wp\/v2\/media?parent=4544"}],"wp:term":[{"taxonomy":"project_category","embeddable":true,"href":"https:\/\/castelldeconcabella.cat\/es\/wp-json\/wp\/v2\/project_category?post=4544"},{"taxonomy":"project_tag","embeddable":true,"href":"https:\/\/castelldeconcabella.cat\/es\/wp-json\/wp\/v2\/project_tag?post=4544"}],"curies":[{"name":"wp","href":"https:\/\/api.w.org\/{rel}","templated":true}]}}